{"id":47,"date":"2019-11-04T10:30:18","date_gmt":"2019-11-04T07:30:18","guid":{"rendered":"http:\/\/satead.org.tr\/?page_id=47"},"modified":"2019-11-05T10:34:57","modified_gmt":"2019-11-05T07:34:57","slug":"neden-uye-olmaliyiz","status":"publish","type":"page","link":"http:\/\/satead.org.tr\/?page_id=47","title":{"rendered":"Neden \u00dcye Olmal\u0131y\u0131z?"},"content":{"rendered":"\n<p class=\"has-normal-font-size\"><strong>Alan\u0131m\u0131zda vermi\u015f oldu\u011fumuz e\u011fitimin d\u00fcnya ile entegrasyonu sa\u011flayabilmek i\u00e7in e\u011fitim ve \u00f6\u011fretimin geli\u015ftirilmesi gerekmektedir. Bu geli\u015fme e\u011fitim ve \u00f6\u011fretim yap\u0131s\u0131 i\u00e7erisinde yap\u0131lmaya \u00e7al\u0131\u015f\u0131ld\u0131\u011f\u0131nda tam ba\u015far\u0131 sa\u011flanamamakta ve sistem kendi i\u00e7inde bir k\u0131s\u0131r d\u00f6ng\u00fcye d\u00f6n\u00fc\u015fmektedir. Dolay\u0131s\u0131yla bu geli\u015fmenin d\u0131\u015f payda\u015flarla ve kurumsal akreditasyon \u00e7al\u0131\u015fmalar\u0131yla yap\u0131lmas\u0131 bir zorunluluktur. \u0130\u015fte bu ama\u00e7la \u201cT\u00fcrkiye Y\u00fcksek\u00f6\u011fretim Yeterlilikler \u00c7er\u00e7evesi\u201d kapsam\u0131nda sanat ve tasar\u0131m e\u011fitimi veren t\u00fcm programlarda akreditasyon gereklilik halini alm\u0131\u015ft\u0131r.<\/strong><\/p>\n\n\n\n<p class=\"has-normal-font-size\"><strong>Ayr\u0131ca sanat ve tasar\u0131m dal\u0131 d\u0131\u015f\u0131ndaki neredeyse t\u00fcm e\u011fitim programlar\u0131n\u0131n bu s\u00fcrece ba\u015flam\u0131\u015f ve baz\u0131lar\u0131n\u0131n tamamlam\u0131\u015f oldu\u011fu d\u00fc\u015f\u00fcn\u00fcld\u00fc\u011f\u00fcnde, olduk\u00e7a ge\u00e7 kald\u0131\u011f\u0131m\u0131z da bir ger\u00e7ektir. O nedenle alan\u0131m\u0131zda bu \u00e7al\u0131\u015fmalara \u00f6nc\u00fcl\u00fck etmesi i\u00e7in SATEAD adl\u0131 derne\u011fimizi kurduk ve ama\u00e7 olarak da; sanat ve tasar\u0131m disiplini i\u00e7indeki ve bu alanla yak\u0131ndan ilgili olan di\u011fer disiplinlerle \u201csanat ve tasar\u0131m e\u011fitim programlar\u0131\u201d i\u00e7in akreditasyon, de\u011ferlendirme ve bilgilendirme \u00e7al\u0131\u015fmalar\u0131 yapmay\u0131 ilke edindik. Bu alanda e\u011fitim ve \u00f6\u011fretim vermekte olan siz de\u011ferli meslekta\u015flar\u0131m\u0131zdan da derne\u011fimize \u00fcye olarak bu \u00e7al\u0131\u015fmalara katk\u0131 sunman\u0131z\u0131 \u00f6zellikle beklemekteyiz.<\/strong><\/p>\n","protected":false},"excerpt":{"rendered":"<p>Alan\u0131m\u0131zda vermi\u015f oldu\u011fumuz e\u011fitimin d\u00fcnya ile entegrasyonu sa\u011flayabilmek i\u00e7in e\u011fitim ve \u00f6\u011fretimin geli\u015ftirilmesi gerekmektedir. Bu<\/p>\n","protected":false},"author":1,"featured_media":0,"parent":0,"menu_order":0,"comment_status":"closed","ping_status":"closed","template":"","meta":[],"_links":{"self":[{"href":"http:\/\/satead.org.tr\/index.php?rest_route=\/wp\/v2\/pages\/47"}],"collection":[{"href":"http:\/\/satead.org.tr\/index.php?rest_route=\/wp\/v2\/pages"}],"about":[{"href":"http:\/\/satead.org.tr\/index.php?rest_route=\/wp\/v2\/types\/page"}],"author":[{"embeddable":true,"href":"http:\/\/satead.org.tr\/index.php?rest_route=\/wp\/v2\/users\/1"}],"replies":[{"embeddable":true,"href":"http:\/\/satead.org.tr\/index.php?rest_route=%2Fwp%2Fv2%2Fcomments&post=47"}],"version-history":[{"count":4,"href":"http:\/\/satead.org.tr\/index.php?rest_route=\/wp\/v2\/pages\/47\/revisions"}],"predecessor-version":[{"id":158,"href":"http:\/\/satead.org.tr\/index.php?rest_route=\/wp\/v2\/pages\/47\/revisions\/158"}],"wp:attachment":[{"href":"http:\/\/satead.org.tr\/index.php?rest_route=%2Fwp%2Fv2%2Fmedia&parent=47"}],"curies":[{"name":"wp","href":"https:\/\/api.w.org\/{rel}","templated":true}]}}